{"id":1190,"date":"2022-09-08T23:16:02","date_gmt":"2022-09-08T21:16:02","guid":{"rendered":"http:\/\/psychoterapia.jestemija.pl\/?page_id=1190"},"modified":"2024-09-12T20:17:27","modified_gmt":"2024-09-12T18:17:27","slug":"dorosli","status":"publish","type":"page","link":"http:\/\/psychoterapia.jestemija.pl\/index.php\/dorosli\/","title":{"rendered":"Doro\u015bli"},"content":{"rendered":"\n<p class=\"has-light-green-cyan-background-color has-text-color has-background has-medium-font-size\" style=\"color:#011a25\"><strong>&nbsp;Agnieszka S\u0142uczanowska<\/strong>\n<span style=\"float:right\"><span class=\"collapseomatic \" id=\"id69f35ed199d93\"  tabindex=\"0\" title=\"\"    ><\/span><div id=\"target-id69f35ed199d93\" class=\"collapseomatic_content \">\n\n\n\n<div class=\"wp-block-group\"><div class=\"wp-block-group__inner-container is-layout-flow wp-block-group-is-layout-flow\">\n<div class=\"wp-block-image\"><figure class=\"alignright size-large is-resized\"><img loading=\"lazy\" decoding=\"async\" src=\"http:\/\/psychoterapia.jestemija.pl\/wp-content\/uploads\/2022\/09\/sluczanowska-1024x684.jpg\" alt=\"\" class=\"wp-image-1161\" width=\"350\" height=\"250\"\/><\/figure><\/div>\n\n\n\n<p><strong>Pedagog specjalny, neuroterapeuta, psychoterapeuta.<\/strong><\/p>\n<\/div><\/div>\n\n\n\n<p>Jako\n pedagog i psychoterapeuta pracuj\u0105cy z dzie\u0107mi i osobami doros\u0142ymi \ncierpi\u0105cymi z powodu trudno\u015bci natury psychicznej, posiada wiedz\u0119 i \nkwalifikacje niezb\u0119dne do leczenia zaburze\u0144 nerwicowych, zaburze\u0144 \nnastroju, zaburze\u0144 od\u017cywiania, oraz wielop\u0142aszczyznowego wspomagania \nrozwoju dzieci. Do\u015bwiadczenie oraz kwalifikacje nabywa\u0142a w pracy z \npacjentami podczas towarzyszenia im, we wprowadzaniu prozdrowotnych \nzmian w \u017cycie.<\/p>\n\n\n\n<p>Prowadzi: terapi\u0119 indywidualn\u0105, psychoterapi\u0119 rodzin i par, biofeedback<\/p>\n\n\n\n<p>Absolwentka Uniwersytetu Jagiello\u0144skiego o kierunku Podstawy oddzia\u0142ywa\u0144 terapeutycznych w wieku rozwojowym, 4-letniego kursu psychoterapii organizowanego przy Katedrze Psychoterapii Collegium Medicum Uniwersytetu Jagiello\u0144skiego, Uniwersytetu Szczeci\u0144skiego &#8211; kierunek Pedagogika Rewalidacyjna, <\/p>\n\n\n\n<p>Uko\u0144czy\u0142a kurs z zakresu Teorii i praktyki EEGBiofeedback w neuropsychoterapii.<\/p>\n\n\n<\/div>\n\n\n\n<p class=\"has-light-green-cyan-background-color has-text-color has-background has-medium-font-size\" style=\"color:#011a25\"><strong>Wiktoria Witkowska (Lachowicz)<\/strong>\n<span style=\"float:right\"><span class=\"collapseomatic \" id=\"id69f35ed199dac\"  tabindex=\"0\" title=\"\"    ><\/span><div id=\"target-id69f35ed199dac\" class=\"collapseomatic_content \">\n\n\n\n<div class=\"wp-block-group\"><div class=\"wp-block-group__inner-container is-layout-flow wp-block-group-is-layout-flow\">\n<div class=\"wp-block-image\"><figure class=\"alignright size-large is-resized\"><img loading=\"lazy\" decoding=\"async\" src=\"http:\/\/psychoterapia.jestemija.pl\/wp-content\/uploads\/2022\/04\/Wiktoria-Lachowicz-782x1024.jpeg\" alt=\"\" class=\"wp-image-1058\" width=\"269\" height=\"353\" srcset=\"http:\/\/psychoterapia.jestemija.pl\/wp-content\/uploads\/2022\/04\/Wiktoria-Lachowicz-782x1024.jpeg 782w, http:\/\/psychoterapia.jestemija.pl\/wp-content\/uploads\/2022\/04\/Wiktoria-Lachowicz-229x300.jpeg 229w, http:\/\/psychoterapia.jestemija.pl\/wp-content\/uploads\/2022\/04\/Wiktoria-Lachowicz-768x1006.jpeg 768w, http:\/\/psychoterapia.jestemija.pl\/wp-content\/uploads\/2022\/04\/Wiktoria-Lachowicz-1173x1536.jpeg 1173w, http:\/\/psychoterapia.jestemija.pl\/wp-content\/uploads\/2022\/04\/Wiktoria-Lachowicz-1564x2048.jpeg 1564w, http:\/\/psychoterapia.jestemija.pl\/wp-content\/uploads\/2022\/04\/Wiktoria-Lachowicz-scaled.jpeg 1955w\" sizes=\"auto, (max-width: 269px) 100vw, 269px\" \/><\/figure><\/div>\n\n\n\n<p><strong><strong>psycholog, psychotraumatolog dzieci i m\u0142odzie\u017cy, aktualnie w procesie certyfikacji w nurcie psychoterapii CBT , trener efektywnej nauki<\/strong><\/strong><\/p>\n\n\n\n<p><br>Od pocz\u0105tk\u00f3w swoje do\u015bwiadczenie zawodowe zdobywa\u0142a pracuj\u0105c z dzie\u0107mi i m\u0142odzie\u017c\u0105. Najpierw na oddziale psychiatrii dzieci\u0119cej w Poznaniu, p\u00f3\u017aniej w Szkole Umiej\u0119tno\u015bci Mi\u0119kkich w Szczecinie, obecnie od dw\u00f3ch lat z Niepublicznym Przedszkolem Kraina U\u015bmiechu<\/p>\n\n\n\n<p><br>\ud83c\udf93Wykszta\u0142cenie z zakresu psychologii o specjalno\u015bci klinicznej uzyska\u0142a na Uniwersytecie SWPS w Poznaniu. W trakcie swojej edukacji uko\u0144czy\u0142a liczne szkolenia: Roczne Studium Terapii Rodzin, Roczne Studium Terapii Poznawczo-Behawioralnej dzieci i m\u0142odzie\u017cy, Terapia schemat\u00f3w, Terapia Behawioralna w teorii i praktyce &#8211; 3 &#8211; modu\u0142owy kurs bazowy, Trening uwa\u017cno\u015bci jako metoda rozwijania mo\u017cliwo\u015bci poznawczych i regulowania emocji dzieci i m\u0142odzie\u017cy. Uko\u0144czy\u0142a Studia Podyplomowe z Psychotraumatologii oraz Przygotowania Pedagogicznego dla psycholog\u00f3w. Obecnie w trakcie ca\u0142o\u015bciowego 4-letniego szkolenia z terapii poznawczo-behawioralnej.<\/p>\n\n\n\n<p><br>Podczas swojej pracy skupia si\u0119 <\/p>\n\n\n\n<ul class=\"wp-block-list\"><li>Wsparciu dzieci i m\u0142odzie\u017cy w \u017ca\u0142obie, stracie, podczas rozwodu <\/li><li>Pomocy w trudno\u015bciach emocjonalnych <\/li><li>Radzeniu sobie z traumatycznymi prze\u017cyciami<\/li><\/ul>\n\n\n\n<p><br>\u203c Prowadzi u nas Trening efektywnej nauki. Podczas, kt\u00f3rych wspomaga: logiczne my\u015blenie, Prowadzi u nas <strong>Trening efektywnej<\/strong> <strong>nauki<\/strong> podczas, kt\u00f3rego wspomaga: logiczne my\u015blenie, koncentracj\u0119, uwag\u0119 a tak\u017ce uczy r\u00f3\u017cnych technik pami\u0119ciowych nauki oraz zajmuje si\u0119 <strong>terapi\u0105 psychologiczn\u0105<\/strong><\/p>\n\n\n\n<p>Poza psychologi\u0105 do jej najwi\u0119kszych pasji nale\u017c\u0105: Podr\u00f3\u017ce, sp\u0119dzenie czasu na \u0142onie natury, poznawanie ludzi, kultur i \u015bwiata. Jazda konno, kt\u00f3r\u0105 uprawia od dzieci\u0144stwa oraz opieka nad jej dwoma psami <\/p>\n\n\n\n<p>\u270fJej ulubione motto: &#8222;Jednym z najwi\u0119kszych odkry\u0107, jakich dokona\u0142 cz\u0142owiek, i jedn\u0105 z najwi\u0119kszych dla niego niespodzianek jest u\u015bwiadomienie sobie, \u017ce mo\u017ce on uczyni\u0107 to, o czym ze strachem s\u0105dzi\u0142, \u017ce jest dla niego niewykonalne&#8221; &#8211; Tom Ford<\/p>\n<\/div><\/div>\n\n\n<\/div>\n\n\n\n<p class=\"has-light-green-cyan-background-color has-text-color has-background has-medium-font-size\" style=\"color:#011a25\"><strong>&nbsp;Karolina Dejer&nbsp;<\/strong>\n<span style=\"float:right\"><span class=\"collapseomatic \" id=\"id69f35ed199db9\"  tabindex=\"0\" title=\"\"    ><\/span><div id=\"target-id69f35ed199db9\" class=\"collapseomatic_content \">\n\n\n\n<div class=\"wp-block-group\"><div class=\"wp-block-group__inner-container is-layout-flow wp-block-group-is-layout-flow\">\n<div class=\"wp-block-image\"><figure class=\"alignright size-large is-resized\"><img loading=\"lazy\" decoding=\"async\" src=\"http:\/\/psychoterapia.jestemija.pl\/wp-content\/uploads\/2022\/09\/dejer-1024x684.jpg\" alt=\"\" class=\"wp-image-1157\" width=\"350\" height=\"250\"\/><\/figure><\/div>\n\n\n\n<p><strong>Pedagog specjalny, neuroterapeuta&nbsp;metody biofeedback<\/strong>.<\/p>\n<\/div><\/div>\n\n\n\n<p><strong>Pedagog specjalny<br>Specjalista w pracy z osobami w spektrum autyzmu<br>Neuroterapeuta metody biofeedback<br>Trener grup<\/strong><\/p>\n\n\n\n<ul class=\"wp-block-list\"><li>Uko\u0144czy\u0142a studia:<ul><li>Pedagogik\u0119 specjaln\u0105, specjalno\u015b\u0107 rewalidacyjna na Uniwersytecie Szczeci\u0144skim<\/li><li>Pedagogik\u0119 og\u00f3ln\u0105 i szkoln\u0105 w Wy\u017cszej Szkole Zawodowej<\/li><li>Wczesne wspomaganie rozwoju dzieci w Koszali\u0144skiej Wy\u017cszej Szkole Nauk<\/li><li>Humanistycznych<\/li><li>Diagnoz\u0119 i terapi\u0119 pedagogiczn\u0105 z elementami socjoterapii w Koszali\u0144skiej Wy\u017cszej Szkole Humanistycznej<\/li><li>Edukacj\u0119 i terapi\u0119 os\u00f3b ze spektrum autyzmu z elementami integracji sensorycznej w Collegium da Vinci<\/li><\/ul><\/li><\/ul>\n\n\n\n<ul class=\"wp-block-list\"><li>Absolwentka kurs\u00f3w<ul><li>Teoria i praktyka EEGBiofeedback w teorii i praktyce w Instytucie EEGbiofeedback Michaela Pakszysova<\/li><li>Trening zast\u0119powania agresji TZA-ART w Warszawski instytut Profilaktyki Karan<\/li><li>III Szko\u0142\u0119 Mediacji w Fundacji Porozumienia Spo\u0142ecznego i Integracji<\/li><li>Terapia behawioralna, III modu\u0142owy kurs bazowy z zakresu stosowanej analizy zachowania w Polskim Stowarzyszeniu Terapii Behawioralnej<\/li><li>Diagnoza Psychopedagogiczna w praktyce w Polskim Stowarzyszeniu Terapii Behawioralnej<\/li><li>Wczesna diagnoza i terapia zaburze\u0144 autystycznych \u2013 Centrum Metody Krakowskiej<\/li><li>Symultaniczno-sekwencyjna nauka czytania \u2013 Centrum Metody Krakowskiej<\/li><li>Terapia Neurobiologiczna \u2013 Centrum Metody Krakowskiej<\/li><li>Stymulacja mechanizm\u00f3w lewop\u00f3\u0142kulowych \u2013 usprawnianie pracy lewej p\u00f3\u0142kuli m\u00f3zgu \u2013 Centrum Metody Krakowskiej<\/li><li>Trening Umiej\u0119tno\u015bci Spo\u0142ecznych w terapii os\u00f3b z autyzmem<\/li><li>Praktyczny kurs alternatywnych i wspomagaj\u0105cych metod porozumiewania si\u0119 \u2013 Ewa Przebinda, Krak\u00f3w<\/li><li>Obs\u0142uga oraz wykorzystanie programu MOWik w terapii os\u00f3b niem\u00f3wi\u0105cych \u2013 Ewa Przebinda, Ewa Grzelak, Krak\u00f3w<\/li><li>Kinezjologia Edukacyjna Brain Gym metody dr Paula Dennisona i Gail Dennison, Polskie Stowarzyszenie Kinezjolog\u00f3w<\/li><li>Metoda Ruchu Rozwijaj\u0105cego wg metody Weroniki Sherborne<\/li><li>Terapia R\u0119ki I i II stopie\u0144 \u2013 Centrum Szkoleniowe Soyer<\/li><li>Uprawnienia diagnostyczne Diagnozowanie Dysleksji Rozwojowej-Bateria metod diagnozy przyczyn niepowodze\u0144 szkolnych- Bateria 7\/9, 10\/12,13\/15\/16plus, Pracownia Test\u00f3w Psychologicznych i Pedagogicznych<\/li><\/ul><\/li><\/ul>\n\n\n\n<p>Swoje do\u015bwiadczenie zawodowe jako pedagog zdobywa\u0142a w pracy z dzie\u0107mi i m\u0142odzie\u017c\u0105 oraz m\u0142odymi doros\u0142ymi w przedszkolu, szkole podstawowej, gimnazjum i szkole ponadpodstawowej.<br>Bra\u0142a udzia\u0142 jako s\u0142uchacz i prelegent w wielu konferencjach naukowych o tematyce pracy terapeutycznej z osobami ze spektrum autyzmu. Posiada stopie\u0144 zawodowy nauczyciela dyplomowanego.<br>W naszej Poradni zajmuje si\u0119 diagnoz\u0105 i terapi\u0105 pedagogiczn\u0105, wsparciem i terapi\u0105 os\u00f3b ze spektrum autyzmu, terapi\u0105 metod\u0105 biofeedback, treningiem koncentracji z wykorzystaniem multimedi\u00f3w, konsultacjami dla rodzic\u00f3w, psychoedukacj\u0105.<br>Prywatnie pasjonatka \u017cycia &#8211; podr\u00f3\u017cy, ksi\u0105\u017cek, ogrodu, jazdy na rowerze, praktyki uwa\u017cno\u015bci i jogi, dobrego jedzenia. Wdzi\u0119czna za ka\u017cdy dzie\u0144 i nowy poranek.<br><em>\u201e Kropla dr\u0105\u017cy ska\u0142\u0119 nie si\u0142\u0105, lecz ci\u0105g\u0142ym padaniem \u2018\u2019<\/em> Owidiusz<\/p>\n\n\n<\/div>\n\n\n\n<p class=\"has-light-green-cyan-background-color has-text-color has-background has-medium-font-size\" style=\"color:#011a25\"><strong>Ewa Gajewska<\/strong>\n<span style=\"float:right\"><span class=\"collapseomatic \" id=\"id69f35ed199dc1\"  tabindex=\"0\" title=\"\"    ><\/span><div id=\"target-id69f35ed199dc1\" class=\"collapseomatic_content \">\n\n\n\n<div class=\"wp-block-group\"><div class=\"wp-block-group__inner-container is-layout-flow wp-block-group-is-layout-flow\">\n<div class=\"wp-block-image\"><figure class=\"alignright size-large is-resized\"><img loading=\"lazy\" decoding=\"async\" src=\"http:\/\/psychoterapia.jestemija.pl\/wp-content\/uploads\/2022\/03\/Ewa-Gajewska.jpg\" alt=\"\" class=\"wp-image-705\" width=\"216\" height=\"288\" srcset=\"http:\/\/psychoterapia.jestemija.pl\/wp-content\/uploads\/2022\/03\/Ewa-Gajewska.jpg 711w, http:\/\/psychoterapia.jestemija.pl\/wp-content\/uploads\/2022\/03\/Ewa-Gajewska-225x300.jpg 225w\" sizes=\"auto, (max-width: 216px) 100vw, 216px\" \/><\/figure><\/div>\n\n\n\n<p><strong>Psycholog, psychoterapeuta, diagnosta, trener grup<\/strong><\/p>\n\n\n\n<ul class=\"wp-block-list\"><li>Uko\u0144czy\u0142a psychologi\u0119 na Uniwersytecie Szczeci\u0144skim, specjalno\u015b\u0107: psychologia kliniczna, (a tak\u017ce) poszerza\u0142a swoj\u0105 wiedz\u0119 ko\u0144cz\u0105c studia podyplomowe w zakresie przygotowania pedagogicznego ( EuropaBiz).<\/li><li>Absolwentka kurs\u00f3w :<ul><li>Podstawowy i Zaawansowany Psychoterapii Systemowej Indywidualnej i Rodzinnej (Wielkopolskie Towarzystwo Terapii Systemowej)<\/li><li>Rok z terapi\u0105 poznawczo-behawioraln\u0105 dzieci i m\u0142odzie\u017cy<\/li><li>Uprawnienia diagnostyczne &#8211; bateria dyskalkulia&nbsp;<\/li><li>Uprawnienia diagnostyczne &#8211; Skala Inteligencji SB5<\/li><li>&#8222;\u015awiadomy rozw\u00f3d- trener warsztat\u00f3w dla rodzic\u00f3w rozwodz\u0105cych&nbsp;si\u0119&#8221;<\/li><li>&#8222;Jak pracowa\u0107 z autystyczn\u0105 seksualno\u015bci\u0105&#8221;&nbsp;<\/li><\/ul><\/li><li>Certyfikowany trener Szko\u0142y dla rodzic\u00f3w i wychowawc\u00f3w\u201d, Absolwentka warszawskiej szko\u0142y A. Ko\u0142akowskiego \u201eRok z terapi\u0105 poznawczo-behawioraln\u0105 dzieci i m\u0142odzie\u017cy\u201d.<\/li><li>Aktualnie certyfikuje si\u0119 w psychoterapii systemowej. Ko\u0144czy Kurs Zaawansowany Psychoterapii Systemowej Indywidualnej i Rodzinnej<\/li><li>Swoje do\u015bwiadczenie zawodowe zdobywa\u0142a jako psycholog w Krajowym Towarzystwie Autyzmu, na oddziale szpitalnym psychiatrii dzieci i m\u0142odzie\u017cy, w szczeci\u0144skich szko\u0142ach (podstaw\u00f3wka, gimnazjum, liceum) oraz poradni zdrowia psychicznego dla doros\u0142ych. By\u0142a te\u017c asystentem w Instytucie Psychologii na Uniwersytecie Szczeci\u0144skim,<\/li><li>Specjalizuje si\u0119 w psychoterapii dzieci powy\u017cej 6r\u017c, psychoterapii m\u0142odzie\u017cy oraz w diagnozie specyficznych trudno\u015bci w nauce os\u00f3b doros\u0142ych.<\/li><li>W naszej poradni zajmuje si\u0119 psychoterapi\u0105, terapi\u0105 psychologiczn\u0105, diagnoz\u0105 psychologiczno- pedagogiczna, diagnoz\u0105 z obszaru spektrum, a tak\u017ce dzieci z niepe\u0142nosprawno\u015bci\u0105 intelektualn\u0105 oraz konsultacjami dla rodzic\u00f3w.<\/li><li>Prywatnie \u017bona, mama, w\u0142a\u015bcicielka czworonoga, mi\u0142o\u015bniczka krymina\u0142\u00f3w i g\u00f3rskich w\u0119dr\u00f3wek<\/li><\/ul>\n\n\n\n<p class=\"has-text-align-center\"><em>&#8222;Nikt nie mo\u017ce przekona\u0107 drugiej osoby do zmiany. Ka\u017cdy z nas ma klucz do<br>zmiany, a drzwi mo\u017cna otworzy\u0107 tylko od wewn\u0105trz.\u201d Virginia Satir<\/em><\/p>\n<\/div><\/div>\n\n\n<\/div>\n\n\n\n<p class=\"has-light-green-cyan-background-color has-text-color has-background has-medium-font-size\" style=\"color:#011a25\"><strong>Magda Obojska<\/strong>\n<span style=\"float:right\"><span class=\"collapseomatic \" id=\"id69f35ed199ddc\"  tabindex=\"0\" title=\"\"    ><\/span><div id=\"target-id69f35ed199ddc\" class=\"collapseomatic_content \">\n\n\n\n<div class=\"wp-block-group\"><div class=\"wp-block-group__inner-container is-layout-flow wp-block-group-is-layout-flow\">\n<div class=\"wp-block-image\"><figure class=\"alignright size-large is-resized\"><img loading=\"lazy\" decoding=\"async\" src=\"http:\/\/psychoterapia.jestemija.pl\/wp-content\/uploads\/2022\/04\/Magda-Obojska-591x1024.jpg\" alt=\"\" class=\"wp-image-1026\" width=\"190\" height=\"330\" srcset=\"http:\/\/psychoterapia.jestemija.pl\/wp-content\/uploads\/2022\/04\/Magda-Obojska-591x1024.jpg 591w, http:\/\/psychoterapia.jestemija.pl\/wp-content\/uploads\/2022\/04\/Magda-Obojska-173x300.jpg 173w, http:\/\/psychoterapia.jestemija.pl\/wp-content\/uploads\/2022\/04\/Magda-Obojska-768x1330.jpg 768w, http:\/\/psychoterapia.jestemija.pl\/wp-content\/uploads\/2022\/04\/Magda-Obojska-887x1536.jpg 887w, http:\/\/psychoterapia.jestemija.pl\/wp-content\/uploads\/2022\/04\/Magda-Obojska.jpg 922w\" sizes=\"auto, (max-width: 190px) 100vw, 190px\" \/><\/figure><\/div>\n\n\n\n<p><strong>Psycholog, psychoterapeuta w procesie certyfikacji, trener TUS<\/strong><\/p>\n\n\n\n<ul class=\"wp-block-list\"><li>Uko\u0144czy\u0142a psychologi\u0119 na Uniwersytecie Szczeci\u0144skim, specjalno\u015b\u0107: psychologia kliniczna, (a tak\u017ce) poszerza\u0142a swoj\u0105 wiedz\u0119 ko\u0144cz\u0105c studia podyplomowe w zakresie przygotowania pedagogicznego (tak\u017ce US).<\/li><li>Absolwentka kurs\u00f3w :<ul><li>\u201eTerapia skoncentrowana na rozwi\u0105zaniach\u201d poziom podstawowy (TSR I) \u2022<\/li><li>Pomoc dzieciom i m\u0142odzie\u017cy z Autyzmem i Zespo\u0142em Aspergera &#8211; \u201eJak pracowa\u0107 z autystyczn\u0105 seksualno\u015bci\u0105\u201d<\/li><li>\u201eJak pracowa\u0107 z trudnymi zachowaniami u os\u00f3b z ASD\u201d *<\/li><li>&#8222;Wprowadzenie do pracy terapeutycznej z dzie\u0107mi i m\u0142odzie\u017c\u0105 w nurcie poznawczym<\/li><\/ul><\/li><li>Certyfikowany trener Treningu Umiej\u0119tno\u015bci Spo\u0142ecznych \u201d,<\/li><li>Aktualnie certyfikuje si\u0119 w psychoterapii w nurcie poznawczo-behawioralny<\/li><li>Swoje do\u015bwiadczenie zawodowe zdobywa\u0142a jako psycholog w Krajowym Towarzystwie Autyzmu, oraz na oddziale szpitalnym psychiatrii dzieci i m\u0142odzie\u017cy, a tak\u017ce w Miejskim O\u015brodku Pomocy Rodzinie w Szczecinie w dziale Interwencji Kryzysowej ( sta\u017c) Ma ogromne do\u015bwiadczenie w pracy z dzie\u0107mi ze spektrum autyzmu<\/li><li>Specjalizuje si\u0119 w psychoterapii dzieci powy\u017cej 7r\u017c, psychoterapii m\u0142odzie\u017cy<\/li><li>W naszej poradni zajmuje si\u0119 psychoterapi\u0105, terapi\u0105 psychologiczn\u0105 dzieci powy\u017cej 7r\u017c oraz z m\u0142odzie\u017c\u0105 a tak\u017ce konsultacjami dla rodzic\u00f3w.<\/li><li>Prywatnie jestem w\u0142a\u015bcicielk\u0105 szalonego Terriera, uwielbiam w\u0119dr\u00f3wki g\u00f3rskie, podr\u00f3\u017ce i dobr\u0105 kaw\u0119.<\/li><\/ul>\n\n\n\n<p class=\"has-text-align-center\"><em>&#8221; B\u0105d\u017a sob\u0105; wszyscy inni s\u0105 ju\u017c zaj\u0119ci &#8221; ~ Oscar Wilde<\/em><\/p>\n<\/div><\/div>\n\n\n<\/div>\n\n\n\n<p class=\"has-light-green-cyan-background-color has-text-color has-background has-medium-font-size\" style=\"color:#011a25\"><strong>Natalia Zygmund-Jaroszewicz<\/strong>\n<span style=\"float:right\"><span class=\"collapseomatic \" id=\"id69f35ed199de3\"  tabindex=\"0\" title=\"\"    ><\/span><div id=\"target-id69f35ed199de3\" class=\"collapseomatic_content \">\n\n\n\n<div class=\"wp-block-group\"><div class=\"wp-block-group__inner-container is-layout-flow wp-block-group-is-layout-flow\">\n<div class=\"wp-block-image\"><figure class=\"alignright size-large is-resized\"><img loading=\"lazy\" decoding=\"async\" src=\"http:\/\/psychoterapia.jestemija.pl\/wp-content\/uploads\/2022\/03\/Natalia-Zygmund-Jaroszewicz-695x1024.jpg\" alt=\"\" class=\"wp-image-707\" width=\"269\" height=\"396\" srcset=\"http:\/\/psychoterapia.jestemija.pl\/wp-content\/uploads\/2022\/03\/Natalia-Zygmund-Jaroszewicz-695x1024.jpg 695w, http:\/\/psychoterapia.jestemija.pl\/wp-content\/uploads\/2022\/03\/Natalia-Zygmund-Jaroszewicz-204x300.jpg 204w, http:\/\/psychoterapia.jestemija.pl\/wp-content\/uploads\/2022\/03\/Natalia-Zygmund-Jaroszewicz-768x1131.jpg 768w, http:\/\/psychoterapia.jestemija.pl\/wp-content\/uploads\/2022\/03\/Natalia-Zygmund-Jaroszewicz-1043x1536.jpg 1043w, http:\/\/psychoterapia.jestemija.pl\/wp-content\/uploads\/2022\/03\/Natalia-Zygmund-Jaroszewicz-1391x2048.jpg 1391w, http:\/\/psychoterapia.jestemija.pl\/wp-content\/uploads\/2022\/03\/Natalia-Zygmund-Jaroszewicz-scaled.jpg 1739w\" sizes=\"auto, (max-width: 269px) 100vw, 269px\" \/><\/figure><\/div>\n\n\n\n<p><strong>Psycholog,&nbsp;trener.<\/strong> Uko\u0144czone szkolenie z terapii poznawczo \u2013 behawioralnej, kurs Racjonalnej Terapii Zachowa\u0144.&nbsp;<\/p>\n<\/div><\/div>\n\n\n\n<p>Organizator,\n prowadz\u0105cy liczne konferencje, seminaria, szkolenia\/warsztaty. Prowadzi\n szkolenia dla profesjonalist\u00f3w pracuj\u0105cych z dzie\u0107mi, zaj\u0119cia grupowe \ndla dzieci i m\u0142odzie\u017cy, treningi dla doros\u0142ych, warsztaty dla rodzic\u00f3w i\n inne. Wsp\u00f3\u0142pracowa\u0142a w realizacji takich program\u00f3w profilaktycznych jak\n \u2013 \u017b\u00f3\u0142ta kartka dla sprawcy przemocy, Rz\u0105dowy program Razem Bezpieczniej\n &#8211; Szko\u0142a w lokalnym systemie przeciwdzia\u0142ania przemocy w rodzinie, \nRz\u0105dowy program Bezpieczna i przyjazna szko\u0142a &#8211; Lokalny system \nprofilaktyki krzywdzenia ma\u0142ych dzieci &#8211; szkolenia, konferencje, \nkampanie. Koordynator projektu \u201ePomoc dzieciom-ofiarom przemocy\u201d w \nramach programu Chronimy Dzieci. Trener szkole\u0144 przygotowuj\u0105cych \nplac\u00f3wki o\u015bwiatowe i opieku\u0144cze do realizacji standard\u00f3w ochrony dzieci \nprzed krzywdzeniem oraz ubiegaj\u0105cych si\u0119 o przyznanie certyfikatu \nChronimy Dzieci w wojew\u00f3dztwie zachodniopomorskim.<\/p>\n\n\n\n<p>Na\n co dzie\u0144 wsp\u00f3\u0142pracuje z O\u015brodkiem Pomocy dla Os\u00f3b Pokrzywdzonych \nPrzest\u0119pstwem i \u015awiadk\u00f3w w Szczecinie , Centrum Integracji Spo\u0142ecznej w \nSzczecinie, Gminnym O\u015brodkiem Wsparcia Rodziny w Przec\u0142awiu. Od 2016 \nroku zwi\u0105zana z Grup\u0105 Psychoedukacj\u0105 \u201e Jestem i Ja\u201d.<\/p>\n\n\n\n<p>W  ramach indywidualnych konsultacji pracuje z dzie\u0107mi, m\u0142odzie\u017c\u0105, osobami  doros\u0142ymi. Specjalizuje si\u0119 w pomocy psychologicznej osobom  pokrzywdzonym przest\u0119pstwem, znajduj\u0105cych si\u0119 w trudnych sytuacjach  \u017cyciowych. Pomoc psychologiczn\u0105 \u015bwiadczy r\u00f3wnie\u017c w zakresie doradztwa,  problem\u00f3w rodzinnych, spo\u0142ecznych, kryzys\u00f3w \u017cyciowych. Pracuje m.in. z  osobami z obni\u017conym poczuciem warto\u015bci, zaburzeniami l\u0119kowymi,  depresyjnymi, zachowaniami aspo\u0142ecznymi, problemami dotycz\u0105cymi  umiej\u0119tno\u015bci spo\u0142ecznych.<\/p>\n\n\n\n<p>Prywatnie mi\u0142o\u015bniczka podr\u00f3\u017cy, dobrych zdj\u0119\u0107, ksi\u0105\u017cek w domowym zaciszu.<\/p>\n\n\n\n<p><em>\u201eDziecko jest jutrem\u201d Janusz Korczak<\/em><\/p>\n\n\n<\/div>\n","protected":false},"excerpt":{"rendered":"<p>&nbsp;Agnieszka S\u0142uczanowska Wiktoria Witkowska (Lachowicz) &nbsp;Karolina Dejer&nbsp; Ewa Gajewska Magda Obojska Natalia Zygmund-Jaroszewicz<\/p>\n","protected":false},"author":1,"featured_media":0,"parent":0,"menu_order":0,"comment_status":"closed","ping_status":"closed","template":"","meta":{"ngg_post_thumbnail":0,"footnotes":""},"class_list":["post-1190","page","type-page","status-publish","hentry"],"_links":{"self":[{"href":"http:\/\/psychoterapia.jestemija.pl\/index.php\/wp-json\/wp\/v2\/pages\/1190","targetHints":{"allow":["GET"]}}],"collection":[{"href":"http:\/\/psychoterapia.jestemija.pl\/index.php\/wp-json\/wp\/v2\/pages"}],"about":[{"href":"http:\/\/psychoterapia.jestemija.pl\/index.php\/wp-json\/wp\/v2\/types\/page"}],"author":[{"embeddable":true,"href":"http:\/\/psychoterapia.jestemija.pl\/index.php\/wp-json\/wp\/v2\/users\/1"}],"replies":[{"embeddable":true,"href":"http:\/\/psychoterapia.jestemija.pl\/index.php\/wp-json\/wp\/v2\/comments?post=1190"}],"version-history":[{"count":6,"href":"http:\/\/psychoterapia.jestemija.pl\/index.php\/wp-json\/wp\/v2\/pages\/1190\/revisions"}],"predecessor-version":[{"id":1597,"href":"http:\/\/psychoterapia.jestemija.pl\/index.php\/wp-json\/wp\/v2\/pages\/1190\/revisions\/1597"}],"wp:attachment":[{"href":"http:\/\/psychoterapia.jestemija.pl\/index.php\/wp-json\/wp\/v2\/media?parent=1190"}],"curies":[{"name":"wp","href":"https:\/\/api.w.org\/{rel}","templated":true}]}}